{"id":2423,"date":"2015-04-07T20:58:23","date_gmt":"2015-04-07T23:58:23","guid":{"rendered":"http:\/\/confeitandocomcarinho.com.br\/site\/?page_id=2423"},"modified":"2015-04-07T20:58:23","modified_gmt":"2015-04-07T23:58:23","slug":"quem-eu-sou","status":"publish","type":"page","link":"https:\/\/confeitandocomcarinho.com.br\/?page_id=2423","title":{"rendered":"QUEM EU SOU"},"content":{"rendered":"<p><a href=\"https:\/\/confeitandocomcarinho.com.br\/site\/wp-content\/uploads\/2020\/12\/RenataFaez-1.jpg\"><img loading=\"lazy\" decoding=\"async\" class=\"imgborder wp-image-4370 size-medium alignright\" title=\"typo1\" src=\"https:\/\/confeitandocomcarinho.com.br\/site\/wp-content\/uploads\/2020\/12\/RenataFaez-1-257x300.jpg\" alt=\"\" width=\"257\" height=\"300\" \/><\/a>Ol\u00e1, me chamo Renata Severino Faez, estou hoje com 38 anos.<\/p>\n<p>Sou apaixonada por todas as formas de comida e sempre adorei cozinhar, desde uma simples berinjela at\u00e9 lindos bolos de casamento.<\/p>\n<p>Quando crian\u00e7a sempre ajudava a preparar minhas festas e at\u00e9 mesmo as refei\u00e7oes do dia a dia.<\/p>\n<p>Ao longo de minha forma\u00e7\u00e3o fui vagando por diversas \u00e1reas profissinais e sem perceber, l\u00e1 estava eu com uma barraca de pastel, uma banca de churrasquinho, tive at\u00e9 lanchonete. Tudo isso j\u00e1 era um ind\u00edcio de minha voca\u00e7\u00e3o.<\/p>\n<p>N\u00e3o demorou muito e eu descobri que existia um curso de faculdade que me atraia, me formei em\u00a0\u00a0gastronomia pela Hotec em S\u00e3o Paulo e ent\u00e3o tudo fez sentido!<\/p>\n<p>Trabalhei por muito tempo na cozinha quente, me casei com Arthur e um belo dia descobri que seria m\u00e3e de uma linda menina.<\/p>\n<p>Foi ent\u00e3o que decidi largar meu emprego e trabalhar de casa, onde eu iria me desafiar em\u00a0 \u00e1reas completamente desconhecidas at\u00e9 ent\u00e3o: minha filha e a confeitaria, ambas muito desejada.<\/p>\n<p>Assim nasceu a <strong>Confeitando com Carinho<\/strong> em 2009.<br \/>\nMas ainda faltava eu colocar em pr\u00e1tica mais uma voca\u00e7\u00e3o que sempre tive: a de ensinar e compartilhar o saber.<\/p>\n<p>Tudo, mas tudo mesmo que eu aprendo, eu quero dividir.<br \/>\nEu sempre fui assim, ent\u00e3o no ano de 2009 decidi gravar uma receita de p\u00e3o de mel que eu vendia no trabalho do meu marido e era um sucesso.<\/p>\n<p>Pronto, assim nasceu meu canal no You Tube e eu fiz quest\u00e3o de dar o mesmo nome da minha empresa (Confeitando Com Carinho).<\/p>\n<p>Agora sim sou completamente realizada.<br \/>\nEstudei mais e mais, me tornei professora, dei aula presenciais e me tornei a m\u00e3e mais feliz do mundo!<\/p>\n<p>Bem, como a vida \u00e9 um eterno desafio eu ainda tinha mais um, que me acompanhou por toda vida&#8230;.<\/p>\n<p>O desafio de emagrecer.<br \/>\nPoxa quem mandou adorar cozinhar n\u00e9? Mas fato \u00e9 que a tr\u00eas anos descobri uma doen\u00e7a s\u00e9ria na coluna (chamada espondilolistese) e para evitar uma cirugia que j\u00e1 estava at\u00e9 para ser marcada, precisei come\u00e7ar a emagrecer e fazer exerc\u00edcios, mudar bastante minha alimenta\u00e7\u00e3o e \u00e9 isso que venho fazendo.<\/p>\n<p>Como disse no come\u00e7o desse texto, eu amo todas as formas de comida!<br \/>\nCozinhar realmente \u00e9 minha paix\u00e3o.<\/p>\n<p>Hoje eu desenvolvo receitas funcionais e saud\u00e1veis tamb\u00e9m!<br \/>\nEliminei 50 quilos at\u00e9 agora e ainda estou no processo&#8230;<br \/>\nTenho mais qualidade de vida e muito menos dor, contudo ficou dif\u00edcil lidar com encomendas, por conta das dores.<\/p>\n<p>Atualmentte me dedico exclusivamente a cria\u00e7\u00e3o de receitas, aulas e produ\u00e7\u00e3o de conte\u00fado para Youtube.<\/p>\n<p>Quero dividir minhas experi\u00eancias gastronomicas com voc\u00eas meus seguidores e um pouquinho da minha viv\u00eancia.<\/p>\n<p>O que me motiva a continuar esse trabalho na internet s\u00e3o os e-mails quase que di\u00e1rios e os coment\u00e1rios em forma de demosntra\u00e7\u00e3o de amor, respeito e gratid\u00e3o de voc\u00eas.<\/p>\n<p>Isso s\u00f3 me faz acreditar que estou no caminho certo e realizando o sonho de poder contribuir com a felicidade de pessoas que eu n\u00e3o conhe\u00e7o de fato, mas que tenho um carinho enorme e tor\u00e7o muito para que fa\u00e7a diferen\u00e7a na vida de cada um.<\/p>\n<p>O conhecimento \u00e9 para sempre e essa \u00e9 a forma que tenho de fazer a diferen\u00e7a neste mundo.<\/p>\n<p>Fiz e ainda fa\u00e7o diversos cursos na \u00e1rea de gastron\u00f4mia, confeitaria e decora\u00e7\u00e3o de bolos.<br \/>\nBusco sempre me aprimorar para levar as melhores tecnicas e tend\u00eancias aos meus alunos.<\/p>\n<p>Me certifiquei pela Wilton em um curso para professores de decoradores de bolos em 2016.<\/p>\n<p>Atualmente lan\u00e7ei um novo desafio para mim.<br \/>\nTrabalhar com portadores de necessidades alimentar especiais.<\/p>\n<p>Fiz e estou fazendo diversos cursos com os melhores profissionais na \u00e1rea de alimenta\u00e7\u00e3o funcional, low carb, sem gl\u00faten, sem leite, sem ovos, sem a\u00e7\u00facar e sem soja.<\/p>\n<p>Espero que gostem desse site, que eu fiz com todo carinho para voc\u00eas e se voc\u00ea ainda n\u00e3o conhece meu canal no You Tube corre l\u00e1 e confere!<\/p>\n<p>Super Beijo!<\/p>\n","protected":false},"excerpt":{"rendered":"<p>Ol\u00e1, me chamo Renata Severino Faez, estou hoje com 38 anos. Sou apaixonada por todas as formas de comida e sempre adorei cozinhar, desde uma simples berinjela at\u00e9 lindos bolos de casamento. Quando crian\u00e7a sempre ajudava a preparar minhas festas e at\u00e9 mesmo as refei\u00e7oes do dia a dia. Ao longo de minha forma\u00e7\u00e3o fui [&hellip;]<\/p>\n","protected":false},"author":1,"featured_media":0,"parent":0,"menu_order":0,"comment_status":"closed","ping_status":"closed","template":"","meta":{"footnotes":""},"class_list":["post-2423","page","type-page","status-publish","hentry"],"_links":{"self":[{"href":"https:\/\/confeitandocomcarinho.com.br\/index.php?rest_route=\/wp\/v2\/pages\/2423","targetHints":{"allow":["GET"]}}],"collection":[{"href":"https:\/\/confeitandocomcarinho.com.br\/index.php?rest_route=\/wp\/v2\/pages"}],"about":[{"href":"https:\/\/confeitandocomcarinho.com.br\/index.php?rest_route=\/wp\/v2\/types\/page"}],"author":[{"embeddable":true,"href":"https:\/\/confeitandocomcarinho.com.br\/index.php?rest_route=\/wp\/v2\/users\/1"}],"replies":[{"embeddable":true,"href":"https:\/\/confeitandocomcarinho.com.br\/index.php?rest_route=%2Fwp%2Fv2%2Fcomments&post=2423"}],"version-history":[{"count":0,"href":"https:\/\/confeitandocomcarinho.com.br\/index.php?rest_route=\/wp\/v2\/pages\/2423\/revisions"}],"wp:attachment":[{"href":"https:\/\/confeitandocomcarinho.com.br\/index.php?rest_route=%2Fwp%2Fv2%2Fmedia&parent=2423"}],"curies":[{"name":"wp","href":"https:\/\/api.w.org\/{rel}","templated":true}]}}